{"id":18,"date":"2025-07-23T12:29:15","date_gmt":"2025-07-23T10:29:15","guid":{"rendered":"https:\/\/wip.waw.pl\/?page_id=18"},"modified":"2026-04-24T11:58:05","modified_gmt":"2026-04-24T09:58:05","slug":"specjalisci","status":"publish","type":"page","link":"https:\/\/wip.waw.pl\/index.php\/specjalisci\/","title":{"rendered":"Specjali\u015bci"},"content":{"rendered":"\n<div class=\"wp-block-group alignfull has-contrast-2-color has-text-color has-background has-link-color wp-elements-6a6a73131833a3c46c651ccfa97f7459 has-global-padding is-content-justification-center is-layout-constrained wp-container-core-group-is-layout-201d9dae wp-block-group-is-layout-constrained\" style=\"background-color:#f2ecdd;margin-top:0;margin-bottom:0;padding-top:var(--wp--preset--spacing--50);padding-right:var(--wp--preset--spacing--50);padding-bottom:var(--wp--preset--spacing--50);padding-left:var(--wp--preset--spacing--50)\">\n<h2 class=\"wp-block-heading has-text-align-center has-contrast-2-color has-text-color has-link-color wp-elements-d66f8527d6f156ec6c73e8bbc9dcf9fa\">Nasi specjali\u015bci<\/h2>\n\n\n\n<div style=\"height:39px\" aria-hidden=\"true\" class=\"wp-block-spacer\"><\/div>\n\n\n\n<h4 class=\"wp-block-heading has-text-align-center has-contrast-2-color has-text-color has-link-color wp-elements-cd12a65f4fccf85b5ff03e104e62b96d\">Nasz zesp\u00f3\u0142 tworz\u0105 do\u015bwiadczeni lekarze r\u00f3\u017cnych specjalizacji, kt\u00f3rzy zapewniaj\u0105 profesjonaln\u0105 opiek\u0119 medyczn\u0105 dzieciom i doros\u0142ym. <br>Ka\u017cdy z nich \u0142\u0105czy wiedz\u0119, empati\u0119 i indywidualne podej\u015bcie do pacjenta.<\/h4>\n\n\n\n<div style=\"height:39px\" aria-hidden=\"true\" class=\"wp-block-spacer\"><\/div>\n\n\n\n<div class=\"wp-block-columns is-layout-flex wp-container-core-columns-is-layout-d0bbbce0 wp-block-columns-is-layout-flex\">\n<div class=\"wp-block-column is-layout-flow wp-container-core-column-is-layout-e3d1c41b wp-block-column-is-layout-flow\">\n<h4 class=\"wp-block-heading has-text-align-left has-contrast-2-color has-text-color has-link-color wp-elements-ae702db97bd4a216c57122cdf675be47\">Dzieci<\/h4>\n\n\n\n<div class=\"wp-block-group has-medium-font-size has-global-padding is-layout-constrained wp-block-group-is-layout-constrained\">\n<div class=\"wp-block-group has-global-padding is-layout-constrained wp-block-group-is-layout-constrained\">\n<div class=\"wp-block-group has-global-padding is-layout-constrained wp-block-group-is-layout-constrained\">\n<ul class=\"wp-block-list is-style-checkmark-list\">\n<li><a href=\"#dziecigastroenterologia\">GASTROENTROLOGIA<\/a><\/li>\n\n\n\n<li><a href=\"#pediatria\" data-type=\"internal\" data-id=\"#pediatria\">PEDIATRIA<\/a><\/li>\n\n\n\n<li><a href=\"#dziecikardiologia\" data-type=\"internal\" data-id=\"#dziecikardiologia\">KARDIOLOGIA<\/a><\/li>\n\n\n\n<li><a href=\"#dziecireumatologia\">REUMATOLOGIA<\/a><\/li>\n\n\n\n<li><a href=\"#dzieciendokrynologia\">ENDOKRYNOLOGIA<\/a><\/li>\n\n\n\n<li><a href=\"#dzieciimmunologia\" data-type=\"internal\" data-id=\"#dzieciimmunologia\">IMMUNOLOGIA<\/a><\/li>\n\n\n\n<li><a href=\"#dziecialergologia\" data-type=\"internal\" data-id=\"#dziecialergologia\">ALERGOLOGIA<\/a><\/li>\n\n\n\n<li><a href=\"#dziecipsychiatria\" data-type=\"internal\" data-id=\"#dziecipsychiatria\">PSYCHIATRIA<\/a><\/li>\n<\/ul>\n<\/div>\n<\/div>\n<\/div>\n<\/div>\n\n\n\n<div class=\"wp-block-column is-layout-flow wp-container-core-column-is-layout-e3d1c41b wp-block-column-is-layout-flow\">\n<h4 class=\"wp-block-heading has-text-align-left has-contrast-2-color has-text-color has-link-color wp-elements-6bae511c92708d7c746b531ff9946a5a\">Doro\u015bli<\/h4>\n\n\n\n<div class=\"wp-block-group has-global-padding is-layout-constrained wp-block-group-is-layout-constrained\">\n<ul class=\"wp-block-list is-style-checkmark-list\">\n<li><a href=\"#dorosligastroenterologia\">GASTROENTEROLOGIA<\/a><\/li>\n\n\n\n<li><a href=\"#doroslikardiologia\" data-type=\"internal\" data-id=\"#doroslikardiologia\">KARDIOLOGIA<\/a><\/li>\n\n\n\n<li><a href=\"#doroslikpulmonologia\" data-type=\"internal\" data-id=\"#doroslikpulmonologia\">PUMONOLOGIA<\/a><\/li>\n\n\n\n<li><a href=\"#doroslineurologia\" data-type=\"internal\" data-id=\"#doroslineurologia\">NEUROLOGIA<\/a><\/li>\n\n\n\n<li><a href=\"#doroslilaryngologia\" data-type=\"internal\" data-id=\"#doroslilaryngologia\">LARYNGOLOGIA<\/a><\/li>\n\n\n\n<li><a href=\"#doroslireumatologia\" data-type=\"internal\" data-id=\"#doroslireumatologia\">REUMATOLOGIA<\/a><\/li>\n\n\n\n<li>ALERGOLOGIA<\/li>\n\n\n\n<li><a href=\"#dorosliinterna\" data-type=\"internal\" data-id=\"#dorosliinterna\">INTERNA<\/a><\/li>\n<\/ul>\n<\/div>\n<\/div>\n<\/div>\n\n\n\n<div style=\"height:50px\" aria-hidden=\"true\" class=\"wp-block-spacer\"><\/div>\n\n\n\n<h4 class=\"wp-block-heading has-contrast-2-color has-text-color has-link-color wp-elements-420018f13d4bdc5709a94332cd29c2b1\">Zach\u0119cami do zapoznania si\u0119 z profilami naszych lekarzy poni\u017cej. <\/h4>\n<\/div>\n\n\n\n<div class=\"wp-block-group alignfull has-global-padding is-layout-constrained wp-container-core-group-is-layout-aff63992 wp-block-group-is-layout-constrained\" style=\"margin-top:0;margin-bottom:0;padding-top:0;padding-right:var(--wp--preset--spacing--50);padding-bottom:0;padding-left:var(--wp--preset--spacing--50)\">\n<div style=\"height:50px\" aria-hidden=\"true\" class=\"wp-block-spacer\"><\/div>\n\n\n\n<h2 class=\"wp-block-heading alignwide\" id=\"specjaliscidzieci\">Dzieci<\/h2>\n\n\n\n<h4 class=\"wp-block-heading alignwide\" id=\"dziecigastroenterologia\"><br>Gastroenterologia<\/h4>\n\n\n\n<div class=\"wp-block-columns alignwide has-small-font-size is-layout-flex wp-container-core-columns-is-layout-4055a7df wp-block-columns-is-layout-flex\" style=\"padding-top:var(--wp--preset--spacing--20);padding-right:0;padding-bottom:var(--wp--preset--spacing--20);padding-left:0\">\n<div class=\"wp-block-column is-layout-flow wp-block-column-is-layout-flow\">\n<figure class=\"wp-block-image size-full is-style-rounded wp-duotone-30455b-f9f8f5-2 is-style-rounded--1\"><img loading=\"lazy\" decoding=\"async\" width=\"600\" height=\"400\" src=\"https:\/\/wip.waw.pl\/wp-content\/uploads\/2025\/07\/Kierkus-zdjecie.jpeg\" alt=\"\" class=\"wp-image-136\" style=\"aspect-ratio:1;object-fit:cover\" srcset=\"https:\/\/wip.waw.pl\/wp-content\/uploads\/2025\/07\/Kierkus-zdjecie.jpeg 600w, https:\/\/wip.waw.pl\/wp-content\/uploads\/2025\/07\/Kierkus-zdjecie-300x200.jpeg 300w\" sizes=\"auto, (max-width: 600px) 100vw, 600px\" \/><\/figure>\n\n\n\n<p class=\"has-text-align-center\"><strong><strong><a href=\"https:\/\/wip.waw.pl\/index.php\/2025\/09\/03\/prof-dr-hab-n-med-jaroslaw-kierkus\/\" data-type=\"post\" data-id=\"396\">prof. dr hab. n. med. Jaros\u0142aw Kierku\u015b<\/a><\/strong><\/strong><br><em>gastroenterolog, pediatra, gastroenterolog dzieci\u0119cy<\/em><\/p>\n<\/div>\n\n\n\n<div class=\"wp-block-column is-layout-flow wp-block-column-is-layout-flow\">\n<figure class=\"wp-block-image size-full is-resized is-style-rounded wp-duotone-30455b-f9f8f5-4 is-style-rounded--3\"><img loading=\"lazy\" decoding=\"async\" width=\"786\" height=\"874\" src=\"https:\/\/wip.waw.pl\/wp-content\/uploads\/2025\/07\/2025-02-26t11_45_14_oracz.jpg\" alt=\"\" class=\"wp-image-174\" style=\"aspect-ratio:1;object-fit:cover;width:600px\" srcset=\"https:\/\/wip.waw.pl\/wp-content\/uploads\/2025\/07\/2025-02-26t11_45_14_oracz.jpg 786w, https:\/\/wip.waw.pl\/wp-content\/uploads\/2025\/07\/2025-02-26t11_45_14_oracz-270x300.jpg 270w, https:\/\/wip.waw.pl\/wp-content\/uploads\/2025\/07\/2025-02-26t11_45_14_oracz-768x854.jpg 768w\" sizes=\"auto, (max-width: 786px) 100vw, 786px\" \/><\/figure>\n\n\n\n<p class=\"has-text-align-center\"><strong><strong><a href=\"https:\/\/wip.waw.pl\/index.php\/2025\/09\/03\/prof-dr-hab-n-med-grzegorz-oracz\/\" data-type=\"post\" data-id=\"415\">prof. dr hab. n. med. Grzegorz Oracz<\/a><\/strong><\/strong><br><em>gastroenterolog, pediatra, gastroenterolog dzieci\u0119cy<\/em><\/p>\n<\/div>\n\n\n\n<div class=\"wp-block-column is-layout-flow wp-block-column-is-layout-flow\">\n<figure class=\"wp-block-image size-full is-resized is-style-rounded wp-duotone-30455b-f9f8f5-6 is-style-rounded--5\"><img loading=\"lazy\" decoding=\"async\" width=\"600\" height=\"400\" src=\"https:\/\/wip.waw.pl\/wp-content\/uploads\/2025\/07\/Monika-Meglicka-kolor.jpg\" alt=\"\" class=\"wp-image-137\" style=\"aspect-ratio:1;object-fit:cover;width:600px\" srcset=\"https:\/\/wip.waw.pl\/wp-content\/uploads\/2025\/07\/Monika-Meglicka-kolor.jpg 600w, https:\/\/wip.waw.pl\/wp-content\/uploads\/2025\/07\/Monika-Meglicka-kolor-300x200.jpg 300w\" sizes=\"auto, (max-width: 600px) 100vw, 600px\" \/><\/figure>\n\n\n\n<p class=\"has-text-align-center\"><a href=\"https:\/\/wip.waw.pl\/index.php\/2025\/09\/03\/lek-med-monika-meglicka\/\" data-type=\"post\" data-id=\"452\"><strong><strong>lek. med. Monika Meglicka<\/strong><\/strong><br><\/a><em>pediatra <\/em><\/p>\n<\/div>\n\n\n\n<div class=\"wp-block-column is-layout-flow wp-block-column-is-layout-flow\">\n<figure class=\"wp-block-image size-full is-resized is-style-rounded wp-duotone-30455b-f9f8f5-8 is-style-rounded--7\"><img loading=\"lazy\" decoding=\"async\" width=\"2560\" height=\"1707\" src=\"https:\/\/wip.waw.pl\/wp-content\/uploads\/2025\/07\/Anna-Wiernicka-scaled.jpg\" alt=\"\" class=\"wp-image-139\" style=\"aspect-ratio:1;object-fit:cover;width:600px\" srcset=\"https:\/\/wip.waw.pl\/wp-content\/uploads\/2025\/07\/Anna-Wiernicka-scaled.jpg 2560w, https:\/\/wip.waw.pl\/wp-content\/uploads\/2025\/07\/Anna-Wiernicka-300x200.jpg 300w, https:\/\/wip.waw.pl\/wp-content\/uploads\/2025\/07\/Anna-Wiernicka-1024x683.jpg 1024w, https:\/\/wip.waw.pl\/wp-content\/uploads\/2025\/07\/Anna-Wiernicka-768x512.jpg 768w, https:\/\/wip.waw.pl\/wp-content\/uploads\/2025\/07\/Anna-Wiernicka-1536x1024.jpg 1536w, https:\/\/wip.waw.pl\/wp-content\/uploads\/2025\/07\/Anna-Wiernicka-2048x1365.jpg 2048w\" sizes=\"auto, (max-width: 2560px) 100vw, 2560px\" \/><\/figure>\n\n\n\n<div class=\"wp-block-group is-vertical is-content-justification-center is-nowrap is-layout-flex wp-container-core-group-is-layout-21d4e958 wp-block-group-is-layout-flex\">\n<p class=\"has-text-align-center\"><a href=\"https:\/\/wip.waw.pl\/index.php\/2025\/10\/04\/lek-med-anna-wiernicka\/\" data-type=\"post\" data-id=\"522\"><strong><strong><strong>lek. med. Anna Wiernicka<\/strong><\/strong><\/strong><br><\/a><em>pediatra, gastroenterolog dzieci\u0119cy<\/em><\/p>\n<\/div>\n<\/div>\n<\/div>\n\n\n\n<div class=\"wp-block-columns alignwide has-small-font-size is-layout-flex wp-container-core-columns-is-layout-4055a7df wp-block-columns-is-layout-flex\" style=\"padding-top:var(--wp--preset--spacing--20);padding-right:0;padding-bottom:var(--wp--preset--spacing--20);padding-left:0\">\n<div class=\"wp-block-column is-layout-flow wp-block-column-is-layout-flow\">\n<figure class=\"wp-block-image size-full is-resized is-style-rounded wp-duotone-30455b-f9f8f5-10 is-style-rounded--9\"><img loading=\"lazy\" decoding=\"async\" width=\"1024\" height=\"1536\" src=\"https:\/\/wip.waw.pl\/wp-content\/uploads\/2026\/04\/kmiotek.png\" alt=\"\" class=\"wp-image-646\" style=\"aspect-ratio:1;object-fit:cover;width:600px\" srcset=\"https:\/\/wip.waw.pl\/wp-content\/uploads\/2026\/04\/kmiotek.png 1024w, https:\/\/wip.waw.pl\/wp-content\/uploads\/2026\/04\/kmiotek-200x300.png 200w, https:\/\/wip.waw.pl\/wp-content\/uploads\/2026\/04\/kmiotek-683x1024.png 683w, https:\/\/wip.waw.pl\/wp-content\/uploads\/2026\/04\/kmiotek-768x1152.png 768w\" sizes=\"auto, (max-width: 1024px) 100vw, 1024px\" \/><\/figure>\n\n\n\n<p class=\"has-text-align-center\"><a href=\"https:\/\/wip.waw.pl\/index.php\/2026\/04\/24\/lek-med-jakub-piotr-kmiotek\/\" data-type=\"post\" data-id=\"652\"><strong>lek. med.\u00a0Jakub Piotr Kmiotek<\/strong>\u00a0<br><\/a><em>hepatolog, gastrolog, pediatra<\/em><\/p>\n<\/div>\n\n\n\n<div class=\"wp-block-column is-layout-flow wp-block-column-is-layout-flow\">\n<div class=\"wp-block-group is-vertical is-content-justification-center is-nowrap is-layout-flex wp-container-core-group-is-layout-21d4e958 wp-block-group-is-layout-flex\">\n<p class=\"has-text-align-center\"><\/p>\n<\/div>\n<\/div>\n\n\n\n<div class=\"wp-block-column is-layout-flow wp-block-column-is-layout-flow\"><\/div>\n\n\n\n<div class=\"wp-block-column is-layout-flow wp-block-column-is-layout-flow\"><\/div>\n<\/div>\n\n\n\n<div style=\"height:51px\" aria-hidden=\"true\" class=\"wp-block-spacer\"><\/div>\n\n\n\n<h4 class=\"wp-block-heading alignwide\" id=\"pediatria\">Pediatria<\/h4>\n\n\n\n<div class=\"wp-block-columns alignwide has-small-font-size is-layout-flex wp-container-core-columns-is-layout-4055a7df wp-block-columns-is-layout-flex\" style=\"padding-top:var(--wp--preset--spacing--20);padding-right:0;padding-bottom:var(--wp--preset--spacing--20);padding-left:0\">\n<div class=\"wp-block-column is-layout-flow wp-block-column-is-layout-flow\">\n<figure class=\"wp-block-image size-full is-style-rounded wp-duotone-30455b-f9f8f5-12 is-style-rounded--11\"><img loading=\"lazy\" decoding=\"async\" width=\"2560\" height=\"1707\" src=\"https:\/\/wip.waw.pl\/wp-content\/uploads\/2025\/07\/Anna-Wiernicka-scaled.jpg\" alt=\"\" class=\"wp-image-139\" style=\"aspect-ratio:1;object-fit:cover\" srcset=\"https:\/\/wip.waw.pl\/wp-content\/uploads\/2025\/07\/Anna-Wiernicka-scaled.jpg 2560w, https:\/\/wip.waw.pl\/wp-content\/uploads\/2025\/07\/Anna-Wiernicka-300x200.jpg 300w, https:\/\/wip.waw.pl\/wp-content\/uploads\/2025\/07\/Anna-Wiernicka-1024x683.jpg 1024w, https:\/\/wip.waw.pl\/wp-content\/uploads\/2025\/07\/Anna-Wiernicka-768x512.jpg 768w, https:\/\/wip.waw.pl\/wp-content\/uploads\/2025\/07\/Anna-Wiernicka-1536x1024.jpg 1536w, https:\/\/wip.waw.pl\/wp-content\/uploads\/2025\/07\/Anna-Wiernicka-2048x1365.jpg 2048w\" sizes=\"auto, (max-width: 2560px) 100vw, 2560px\" \/><\/figure>\n\n\n\n<div class=\"wp-block-group is-vertical is-content-justification-center is-nowrap is-layout-flex wp-container-core-group-is-layout-21d4e958 wp-block-group-is-layout-flex\">\n<p class=\"has-text-align-center\"><a href=\"https:\/\/wip.waw.pl\/wp-content\/uploads\/2025\/07\/Anna-Wiernicka-scaled.jpg\" data-type=\"attachment\" data-id=\"139\"><strong><strong><strong>lek. med. Anna Wiernicka<\/strong><\/strong><\/strong><br><em>pediatra, gastroenterolog dzieci\u0119cy<\/em><\/a><\/p>\n<\/div>\n<\/div>\n\n\n\n<div class=\"wp-block-column is-layout-flow wp-block-column-is-layout-flow\">\n<figure class=\"wp-block-image size-full is-style-rounded wp-duotone-30455b-f9f8f5-14 is-style-rounded--13\"><img loading=\"lazy\" decoding=\"async\" width=\"952\" height=\"1590\" src=\"https:\/\/wip.waw.pl\/wp-content\/uploads\/2025\/07\/kawalkowska-edited.jpg\" alt=\"\" class=\"wp-image-193\" style=\"aspect-ratio:1;object-fit:cover\" srcset=\"https:\/\/wip.waw.pl\/wp-content\/uploads\/2025\/07\/kawalkowska-edited.jpg 952w, https:\/\/wip.waw.pl\/wp-content\/uploads\/2025\/07\/kawalkowska-edited-180x300.jpg 180w, https:\/\/wip.waw.pl\/wp-content\/uploads\/2025\/07\/kawalkowska-edited-613x1024.jpg 613w, https:\/\/wip.waw.pl\/wp-content\/uploads\/2025\/07\/kawalkowska-edited-768x1283.jpg 768w, https:\/\/wip.waw.pl\/wp-content\/uploads\/2025\/07\/kawalkowska-edited-920x1536.jpg 920w\" sizes=\"auto, (max-width: 952px) 100vw, 952px\" \/><\/figure>\n\n\n\n<p class=\"has-text-align-center\"><a href=\"https:\/\/wip.waw.pl\/index.php\/2025\/10\/05\/lek-med-edyta-kawalkowska\/\" data-type=\"post\" data-id=\"537\"><strong><strong>dr n. med. Edyta Kawa\u0142kowska<\/strong><\/strong><br><em>pediatra<\/em><\/a><\/p>\n<\/div>\n\n\n\n<div class=\"wp-block-column is-layout-flow wp-block-column-is-layout-flow\">\n<figure class=\"wp-block-image size-full is-style-rounded wp-duotone-30455b-f9f8f5-16 is-style-rounded--15\"><img loading=\"lazy\" decoding=\"async\" width=\"600\" height=\"600\" src=\"https:\/\/wip.waw.pl\/wp-content\/uploads\/2025\/07\/dkomska.jpeg\" alt=\"\" class=\"wp-image-176\" style=\"aspect-ratio:1;object-fit:cover\" srcset=\"https:\/\/wip.waw.pl\/wp-content\/uploads\/2025\/07\/dkomska.jpeg 600w, https:\/\/wip.waw.pl\/wp-content\/uploads\/2025\/07\/dkomska-300x300.jpeg 300w, https:\/\/wip.waw.pl\/wp-content\/uploads\/2025\/07\/dkomska-150x150.jpeg 150w\" sizes=\"auto, (max-width: 600px) 100vw, 600px\" \/><\/figure>\n\n\n\n<p class=\"has-text-align-center\"><a href=\"https:\/\/wip.waw.pl\/index.php\/2025\/10\/05\/lek-med-malgorzata-skomska-pawliszak\/\" data-type=\"post\" data-id=\"539\"><strong>lek. med. Ma\u0142gorzata Skomska-Pawliszak<\/strong><br><em>pediatra, immunolog<\/em><\/a><\/p>\n<\/div>\n\n\n\n<div class=\"wp-block-column is-layout-flow wp-block-column-is-layout-flow\"><\/div>\n<\/div>\n\n\n\n<div style=\"height:51px\" aria-hidden=\"true\" class=\"wp-block-spacer\"><\/div>\n\n\n\n<h4 class=\"wp-block-heading alignwide\" id=\"dziecikardiologia\">Kardiologia<\/h4>\n\n\n\n<div class=\"wp-block-columns alignwide has-small-font-size is-layout-flex wp-container-core-columns-is-layout-4055a7df wp-block-columns-is-layout-flex\" style=\"padding-top:var(--wp--preset--spacing--20);padding-right:0;padding-bottom:var(--wp--preset--spacing--20);padding-left:0\">\n<div class=\"wp-block-column is-layout-flow wp-block-column-is-layout-flow\">\n<figure class=\"wp-block-image size-full is-style-rounded wp-duotone-30455b-f9f8f5-18 is-style-rounded--17\"><img loading=\"lazy\" decoding=\"async\" width=\"960\" height=\"1200\" src=\"https:\/\/wip.waw.pl\/wp-content\/uploads\/2025\/10\/484846829_1169260555000053_7898681314792249658_n.jpg\" alt=\"\" class=\"wp-image-600\" style=\"aspect-ratio:1;object-fit:cover\" srcset=\"https:\/\/wip.waw.pl\/wp-content\/uploads\/2025\/10\/484846829_1169260555000053_7898681314792249658_n.jpg 960w, https:\/\/wip.waw.pl\/wp-content\/uploads\/2025\/10\/484846829_1169260555000053_7898681314792249658_n-240x300.jpg 240w, https:\/\/wip.waw.pl\/wp-content\/uploads\/2025\/10\/484846829_1169260555000053_7898681314792249658_n-819x1024.jpg 819w, https:\/\/wip.waw.pl\/wp-content\/uploads\/2025\/10\/484846829_1169260555000053_7898681314792249658_n-768x960.jpg 768w\" sizes=\"auto, (max-width: 960px) 100vw, 960px\" \/><\/figure>\n\n\n\n<p class=\"has-text-align-center\"><a href=\"https:\/\/wip.waw.pl\/index.php\/2025\/10\/09\/lek-med-ewa-plodzien\/\" data-type=\"post\" data-id=\"601\"><strong><strong>lek.&nbsp;med. Ewa P\u0142odzie\u0144<\/strong><\/strong><br><em>kardiolog dzieci\u0119cy<\/em><\/a><\/p>\n<\/div>\n\n\n\n<div class=\"wp-block-column is-layout-flow wp-block-column-is-layout-flow\">\n<p class=\"has-text-align-center\"><\/p>\n<\/div>\n\n\n\n<div class=\"wp-block-column is-layout-flow wp-block-column-is-layout-flow\"><\/div>\n\n\n\n<div class=\"wp-block-column is-layout-flow wp-block-column-is-layout-flow\"><\/div>\n<\/div>\n\n\n\n<div style=\"height:51px\" aria-hidden=\"true\" class=\"wp-block-spacer\"><\/div>\n\n\n\n<h4 class=\"wp-block-heading alignwide\" id=\"dziecireumatologia\">Reumatologia<\/h4>\n\n\n\n<div class=\"wp-block-columns alignwide has-small-font-size is-layout-flex wp-container-core-columns-is-layout-4055a7df wp-block-columns-is-layout-flex\" style=\"padding-top:var(--wp--preset--spacing--20);padding-right:0;padding-bottom:var(--wp--preset--spacing--20);padding-left:0\">\n<div class=\"wp-block-column is-layout-flow wp-block-column-is-layout-flow\">\n<figure class=\"wp-block-image size-full is-style-rounded wp-duotone-30455b-f9f8f5-20 is-style-rounded--19\"><img loading=\"lazy\" decoding=\"async\" width=\"600\" height=\"540\" src=\"https:\/\/wip.waw.pl\/wp-content\/uploads\/2025\/07\/lek.-med.-Aleksandra-Adamczuk.jpg\" alt=\"\" class=\"wp-image-170\" style=\"aspect-ratio:1;object-fit:cover\" srcset=\"https:\/\/wip.waw.pl\/wp-content\/uploads\/2025\/07\/lek.-med.-Aleksandra-Adamczuk.jpg 600w, https:\/\/wip.waw.pl\/wp-content\/uploads\/2025\/07\/lek.-med.-Aleksandra-Adamczuk-300x270.jpg 300w\" sizes=\"auto, (max-width: 600px) 100vw, 600px\" \/><\/figure>\n\n\n\n<p class=\"has-text-align-center\"><a href=\"https:\/\/wip.waw.pl\/index.php\/2025\/10\/05\/lek-med-aleksandra-adamczuk\/\" data-type=\"post\" data-id=\"541\"><strong><strong>lek.&nbsp;med. Aleksandra Adamczuk<\/strong><\/strong><br><em>reumatolog, reumatolog dzieci\u0119cy, pediatra<\/em><\/a><\/p>\n<\/div>\n\n\n\n<div class=\"wp-block-column is-layout-flow wp-block-column-is-layout-flow\">\n<p class=\"has-text-align-center\"><\/p>\n<\/div>\n\n\n\n<div class=\"wp-block-column is-layout-flow wp-block-column-is-layout-flow\"><\/div>\n\n\n\n<div class=\"wp-block-column is-layout-flow wp-block-column-is-layout-flow\"><\/div>\n<\/div>\n\n\n\n<div style=\"height:45px\" aria-hidden=\"true\" class=\"wp-block-spacer\"><\/div>\n\n\n\n<h4 class=\"wp-block-heading alignwide\" id=\"dzieciendokrynologia\">Endokrynologia<\/h4>\n\n\n\n<div class=\"wp-block-columns alignwide has-small-font-size is-layout-flex wp-container-core-columns-is-layout-4055a7df wp-block-columns-is-layout-flex\" style=\"padding-top:var(--wp--preset--spacing--20);padding-right:0;padding-bottom:var(--wp--preset--spacing--20);padding-left:0\">\n<div class=\"wp-block-column is-layout-flow wp-block-column-is-layout-flow\">\n<figure class=\"wp-block-image size-full is-style-rounded wp-duotone-30455b-f9f8f5-22 is-style-rounded--21\"><img loading=\"lazy\" decoding=\"async\" width=\"600\" height=\"540\" src=\"https:\/\/wip.waw.pl\/wp-content\/uploads\/2025\/07\/kot.jpg\" alt=\"\" class=\"wp-image-178\" style=\"aspect-ratio:1;object-fit:cover\" srcset=\"https:\/\/wip.waw.pl\/wp-content\/uploads\/2025\/07\/kot.jpg 600w, https:\/\/wip.waw.pl\/wp-content\/uploads\/2025\/07\/kot-300x270.jpg 300w\" sizes=\"auto, (max-width: 600px) 100vw, 600px\" \/><\/figure>\n\n\n\n<p class=\"has-text-align-center\"><a href=\"https:\/\/wip.waw.pl\/index.php\/2025\/10\/05\/lek-med-karolina-kot\/\" data-type=\"post\" data-id=\"543\"><strong><strong>lek. med. Karolina Kot<\/strong><\/strong><br><em>endokrynolog dzieci\u0119cy<\/em><\/a><\/p>\n<\/div>\n\n\n\n<div class=\"wp-block-column is-layout-flow wp-block-column-is-layout-flow\">\n<p><\/p>\n<\/div>\n\n\n\n<div class=\"wp-block-column is-layout-flow wp-block-column-is-layout-flow\">\n<p class=\"has-text-align-center\"><em> <\/em><\/p>\n<\/div>\n\n\n\n<div class=\"wp-block-column is-layout-flow wp-block-column-is-layout-flow\">\n<div class=\"wp-block-group is-vertical is-content-justification-center is-nowrap is-layout-flex wp-container-core-group-is-layout-21d4e958 wp-block-group-is-layout-flex\">\n<p class=\"has-text-align-center\"><\/p>\n<\/div>\n<\/div>\n<\/div>\n\n\n\n<div style=\"height:50px\" aria-hidden=\"true\" class=\"wp-block-spacer\"><\/div>\n\n\n\n<h4 class=\"wp-block-heading alignwide\" id=\"dzieciimmunologia\">Immunologia<\/h4>\n\n\n\n<div class=\"wp-block-columns alignwide has-small-font-size is-layout-flex wp-container-core-columns-is-layout-4055a7df wp-block-columns-is-layout-flex\" style=\"padding-top:var(--wp--preset--spacing--20);padding-right:0;padding-bottom:var(--wp--preset--spacing--20);padding-left:0\">\n<div class=\"wp-block-column is-layout-flow wp-block-column-is-layout-flow\">\n<figure class=\"wp-block-image size-full is-style-rounded wp-duotone-30455b-f9f8f5-24 is-style-rounded--23\"><img loading=\"lazy\" decoding=\"async\" width=\"600\" height=\"600\" src=\"https:\/\/wip.waw.pl\/wp-content\/uploads\/2025\/07\/dkomska.jpeg\" alt=\"\" class=\"wp-image-176\" style=\"aspect-ratio:1;object-fit:cover\" srcset=\"https:\/\/wip.waw.pl\/wp-content\/uploads\/2025\/07\/dkomska.jpeg 600w, https:\/\/wip.waw.pl\/wp-content\/uploads\/2025\/07\/dkomska-300x300.jpeg 300w, https:\/\/wip.waw.pl\/wp-content\/uploads\/2025\/07\/dkomska-150x150.jpeg 150w\" sizes=\"auto, (max-width: 600px) 100vw, 600px\" \/><\/figure>\n\n\n\n<p class=\"has-text-align-center\"><a href=\"https:\/\/wip.waw.pl\/index.php\/2025\/10\/05\/lek-med-malgorzata-skomska-pawliszak\/\" data-type=\"post\" data-id=\"539\"><strong>lek. med. Ma\u0142gorzata Skomska-Pawliszak<\/strong><br><em>pediatra, immunolog<\/em><\/a><\/p>\n<\/div>\n\n\n\n<div class=\"wp-block-column is-layout-flow wp-block-column-is-layout-flow\"><\/div>\n\n\n\n<div class=\"wp-block-column is-layout-flow wp-block-column-is-layout-flow\"><\/div>\n\n\n\n<div class=\"wp-block-column is-layout-flow wp-block-column-is-layout-flow\"><\/div>\n<\/div>\n\n\n\n<div style=\"height:49px\" aria-hidden=\"true\" class=\"wp-block-spacer\"><\/div>\n\n\n\n<div class=\"wp-block-group alignwide has-global-padding is-layout-constrained wp-block-group-is-layout-constrained\">\n<h4 class=\"wp-block-heading alignwide\" id=\"dziecialergologia\">Alergologia<\/h4>\n\n\n\n<div class=\"wp-block-columns alignfull has-small-font-size is-layout-flex wp-container-core-columns-is-layout-4055a7df wp-block-columns-is-layout-flex\" style=\"padding-top:var(--wp--preset--spacing--20);padding-right:0;padding-bottom:var(--wp--preset--spacing--20);padding-left:0\">\n<div class=\"wp-block-column is-layout-flow wp-block-column-is-layout-flow\">\n<figure class=\"wp-block-image size-full is-style-rounded wp-duotone-30455b-f9f8f5-26 is-style-rounded--25\"><img loading=\"lazy\" decoding=\"async\" width=\"530\" height=\"530\" src=\"https:\/\/wip.waw.pl\/wp-content\/uploads\/2025\/10\/0fa3519e4b4f108d28bd411241ff366a-2.jpg\" alt=\"\" class=\"wp-image-599\" style=\"aspect-ratio:1;object-fit:cover\" srcset=\"https:\/\/wip.waw.pl\/wp-content\/uploads\/2025\/10\/0fa3519e4b4f108d28bd411241ff366a-2.jpg 530w, https:\/\/wip.waw.pl\/wp-content\/uploads\/2025\/10\/0fa3519e4b4f108d28bd411241ff366a-2-300x300.jpg 300w, https:\/\/wip.waw.pl\/wp-content\/uploads\/2025\/10\/0fa3519e4b4f108d28bd411241ff366a-2-150x150.jpg 150w\" sizes=\"auto, (max-width: 530px) 100vw, 530px\" \/><\/figure>\n\n\n\n<p class=\"has-text-align-center\"><a href=\"https:\/\/wip.waw.pl\/index.php\/2025\/10\/09\/lek-med-anna-wielowiejska\/\" data-type=\"post\" data-id=\"603\"><strong>lek. med. Anna Wielowiejska<\/strong><br><em>alergolog<\/em><\/a><\/p>\n<\/div>\n\n\n\n<div class=\"wp-block-column is-layout-flow wp-block-column-is-layout-flow\"><\/div>\n\n\n\n<div class=\"wp-block-column is-layout-flow wp-block-column-is-layout-flow\"><\/div>\n\n\n\n<div class=\"wp-block-column is-layout-flow wp-block-column-is-layout-flow\"><\/div>\n<\/div>\n<\/div>\n\n\n\n<div style=\"height:50px\" aria-hidden=\"true\" class=\"wp-block-spacer\"><\/div>\n\n\n\n<h4 class=\"wp-block-heading alignwide\" id=\"dziecipsychiatria\">Psychiatria<\/h4>\n\n\n\n<div class=\"wp-block-columns alignwide has-small-font-size is-layout-flex wp-container-core-columns-is-layout-4055a7df wp-block-columns-is-layout-flex\" style=\"padding-top:var(--wp--preset--spacing--20);padding-right:0;padding-bottom:var(--wp--preset--spacing--20);padding-left:0\">\n<div class=\"wp-block-column is-layout-flow wp-block-column-is-layout-flow\">\n<figure class=\"wp-block-image size-full is-resized is-style-rounded wp-duotone-30455b-f9f8f5-28 is-style-rounded--27\"><img loading=\"lazy\" decoding=\"async\" width=\"199\" height=\"200\" src=\"https:\/\/wip.waw.pl\/wp-content\/uploads\/2025\/10\/1740843312713.jpeg\" alt=\"\" class=\"wp-image-606\" style=\"aspect-ratio:1;object-fit:cover;width:600px\" srcset=\"https:\/\/wip.waw.pl\/wp-content\/uploads\/2025\/10\/1740843312713.jpeg 199w, https:\/\/wip.waw.pl\/wp-content\/uploads\/2025\/10\/1740843312713-150x150.jpeg 150w\" sizes=\"auto, (max-width: 199px) 100vw, 199px\" \/><\/figure>\n\n\n\n<p class=\"has-text-align-center\"><a href=\"https:\/\/wip.waw.pl\/index.php\/2025\/10\/09\/dr-n-med-katarzyna-rogala\/\" data-type=\"post\" data-id=\"605\"><strong>dr n. med. Katarzyna Rogala<\/strong><br><em>psychiatra<\/em><\/a><\/p>\n<\/div>\n\n\n\n<div class=\"wp-block-column is-layout-flow wp-block-column-is-layout-flow\"><\/div>\n\n\n\n<div class=\"wp-block-column is-layout-flow wp-block-column-is-layout-flow\"><\/div>\n\n\n\n<div class=\"wp-block-column is-layout-flow wp-block-column-is-layout-flow\"><\/div>\n<\/div>\n\n\n\n<h2 class=\"wp-block-heading alignwide\" id=\"dziecipsychiatria\">Doro\u015bli<\/h2>\n\n\n\n<h4 class=\"wp-block-heading alignwide\" id=\"dorosligastroenterologia\">Gastroenterologia<\/h4>\n\n\n\n<div class=\"wp-block-columns alignwide has-small-font-size is-layout-flex wp-container-core-columns-is-layout-4055a7df wp-block-columns-is-layout-flex\" style=\"padding-top:var(--wp--preset--spacing--20);padding-right:0;padding-bottom:var(--wp--preset--spacing--20);padding-left:0\">\n<div class=\"wp-block-column is-layout-flow wp-block-column-is-layout-flow\">\n<figure class=\"wp-block-image size-full is-style-rounded wp-duotone-30455b-f9f8f5-30 is-style-rounded--29\"><img loading=\"lazy\" decoding=\"async\" width=\"600\" height=\"400\" src=\"https:\/\/wip.waw.pl\/wp-content\/uploads\/2025\/07\/Kierkus-zdjecie.jpeg\" alt=\"\" class=\"wp-image-136\" style=\"aspect-ratio:1;object-fit:cover\" srcset=\"https:\/\/wip.waw.pl\/wp-content\/uploads\/2025\/07\/Kierkus-zdjecie.jpeg 600w, https:\/\/wip.waw.pl\/wp-content\/uploads\/2025\/07\/Kierkus-zdjecie-300x200.jpeg 300w\" sizes=\"auto, (max-width: 600px) 100vw, 600px\" \/><\/figure>\n\n\n\n<p class=\"has-text-align-center\"><a href=\"https:\/\/wip.waw.pl\/index.php\/2025\/09\/03\/prof-dr-hab-n-med-jaroslaw-kierkus\/\" data-type=\"post\" data-id=\"396\"><strong><strong>prof. dr hab. n. med. Jaros\u0142aw Kierku\u015b<\/strong><\/strong><br><em>gastroenterolog, pediatra, gastroenterolog dzieci\u0119cy<\/em><\/a><\/p>\n<\/div>\n\n\n\n<div class=\"wp-block-column is-layout-flow wp-block-column-is-layout-flow\">\n<figure class=\"wp-block-image size-full is-resized is-style-rounded wp-duotone-30455b-f9f8f5-32 is-style-rounded--31\"><img loading=\"lazy\" decoding=\"async\" width=\"576\" height=\"384\" src=\"https:\/\/wip.waw.pl\/wp-content\/uploads\/2025\/07\/rydzewska-edited-2.jpg\" alt=\"\" class=\"wp-image-190\" style=\"aspect-ratio:1;object-fit:cover;width:600px\" srcset=\"https:\/\/wip.waw.pl\/wp-content\/uploads\/2025\/07\/rydzewska-edited-2.jpg 576w, https:\/\/wip.waw.pl\/wp-content\/uploads\/2025\/07\/rydzewska-edited-2-300x200.jpg 300w\" sizes=\"auto, (max-width: 576px) 100vw, 576px\" \/><\/figure>\n\n\n\n<p class=\"has-text-align-center\"><strong><strong>prof. dr hab. n. med. Gra\u017cyna Rydzewska-Wyszkowska<\/strong><\/strong><br><em>gastroenterolog, pediatra, gastroenterolog dzieci\u0119cy<\/em><\/p>\n<\/div>\n\n\n\n<div class=\"wp-block-column is-layout-flow wp-block-column-is-layout-flow\">\n<figure class=\"wp-block-image size-full is-resized is-style-rounded wp-duotone-30455b-f9f8f5-34 is-style-rounded--33\"><img loading=\"lazy\" decoding=\"async\" width=\"1024\" height=\"1536\" src=\"https:\/\/wip.waw.pl\/wp-content\/uploads\/2026\/04\/kmiotek.png\" alt=\"\" class=\"wp-image-646\" style=\"aspect-ratio:1;object-fit:cover;width:600px\" srcset=\"https:\/\/wip.waw.pl\/wp-content\/uploads\/2026\/04\/kmiotek.png 1024w, https:\/\/wip.waw.pl\/wp-content\/uploads\/2026\/04\/kmiotek-200x300.png 200w, https:\/\/wip.waw.pl\/wp-content\/uploads\/2026\/04\/kmiotek-683x1024.png 683w, https:\/\/wip.waw.pl\/wp-content\/uploads\/2026\/04\/kmiotek-768x1152.png 768w\" sizes=\"auto, (max-width: 1024px) 100vw, 1024px\" \/><\/figure>\n\n\n\n<p class=\"has-text-align-center\"><a href=\"https:\/\/wip.waw.pl\/index.php\/2026\/04\/24\/lek-med-jakub-piotr-kmiotek\/\" data-type=\"post\" data-id=\"652\"><strong>lek. med.&nbsp;Jakub Piotr Kmiotek<\/strong>&nbsp;<br><\/a><em>hepatolog, gastrolog, pediatra<\/em><\/p>\n<\/div>\n\n\n\n<div class=\"wp-block-column is-layout-flow wp-block-column-is-layout-flow\">\n<figure class=\"wp-block-image size-full is-resized is-style-rounded wp-duotone-30455b-f9f8f5-36 is-style-rounded--35\"><img loading=\"lazy\" decoding=\"async\" width=\"560\" height=\"840\" src=\"https:\/\/wip.waw.pl\/wp-content\/uploads\/2025\/07\/Magdalena-Kaniewska-720-edited.jpg\" alt=\"\" class=\"wp-image-187\" style=\"aspect-ratio:1;object-fit:cover;width:600px\" srcset=\"https:\/\/wip.waw.pl\/wp-content\/uploads\/2025\/07\/Magdalena-Kaniewska-720-edited.jpg 560w, https:\/\/wip.waw.pl\/wp-content\/uploads\/2025\/07\/Magdalena-Kaniewska-720-edited-200x300.jpg 200w\" sizes=\"auto, (max-width: 560px) 100vw, 560px\" \/><\/figure>\n\n\n\n<p class=\"has-text-align-center\"><strong><strong>lek. med. Magdalena Kaniewska<\/strong><\/strong><br><em> pediatra <\/em><\/p>\n<\/div>\n<\/div>\n\n\n\n<div style=\"height:51px\" aria-hidden=\"true\" class=\"wp-block-spacer\"><\/div>\n\n\n\n<h4 class=\"wp-block-heading alignwide\" id=\"doroslikardiologia\">Kardiologia<\/h4>\n\n\n\n<div class=\"wp-block-columns alignwide has-small-font-size is-layout-flex wp-container-core-columns-is-layout-4055a7df wp-block-columns-is-layout-flex\" style=\"padding-top:var(--wp--preset--spacing--20);padding-right:0;padding-bottom:var(--wp--preset--spacing--20);padding-left:0\">\n<div class=\"wp-block-column is-layout-flow wp-block-column-is-layout-flow\">\n<figure class=\"wp-block-image size-full is-resized is-style-rounded wp-duotone-30455b-f9f8f5-38 is-style-rounded--37\"><img loading=\"lazy\" decoding=\"async\" width=\"530\" height=\"530\" src=\"https:\/\/wip.waw.pl\/wp-content\/uploads\/2025\/07\/kubaszek-kornatowska.jpeg\" alt=\"\" class=\"wp-image-173\" style=\"aspect-ratio:1;object-fit:cover;width:600px\" srcset=\"https:\/\/wip.waw.pl\/wp-content\/uploads\/2025\/07\/kubaszek-kornatowska.jpeg 530w, https:\/\/wip.waw.pl\/wp-content\/uploads\/2025\/07\/kubaszek-kornatowska-300x300.jpeg 300w, https:\/\/wip.waw.pl\/wp-content\/uploads\/2025\/07\/kubaszek-kornatowska-150x150.jpeg 150w\" sizes=\"auto, (max-width: 530px) 100vw, 530px\" \/><\/figure>\n\n\n\n<p class=\"has-text-align-center\"><strong><strong><strong><strong>dr n. med.<\/strong> Agata Kubaszek-Kornatowska<\/strong><\/strong><\/strong><br><em><em>kardiolog, internista<\/em><\/em><\/p>\n<\/div>\n\n\n\n<div class=\"wp-block-column is-layout-flow wp-block-column-is-layout-flow\">\n<p class=\"has-text-align-center\"><\/p>\n<\/div>\n\n\n\n<div class=\"wp-block-column is-layout-flow wp-block-column-is-layout-flow\">\n<p class=\"has-text-align-center\"><\/p>\n<\/div>\n\n\n\n<div class=\"wp-block-column is-layout-flow wp-block-column-is-layout-flow\">\n<div class=\"wp-block-group is-vertical is-content-justification-center is-nowrap is-layout-flex wp-container-core-group-is-layout-21d4e958 wp-block-group-is-layout-flex\">\n<p class=\"has-text-align-center\"><\/p>\n<\/div>\n<\/div>\n<\/div>\n\n\n\n<div style=\"height:50px\" aria-hidden=\"true\" class=\"wp-block-spacer\"><\/div>\n\n\n\n<h4 class=\"wp-block-heading alignwide\" id=\"doroslipulmonologia\">Neurologia<\/h4>\n\n\n\n<div class=\"wp-block-columns alignwide has-small-font-size is-layout-flex wp-container-core-columns-is-layout-4055a7df wp-block-columns-is-layout-flex\" style=\"padding-top:var(--wp--preset--spacing--20);padding-right:0;padding-bottom:var(--wp--preset--spacing--20);padding-left:0\">\n<div class=\"wp-block-column is-layout-flow wp-block-column-is-layout-flow\">\n<figure class=\"wp-block-image size-full is-resized is-style-rounded wp-duotone-unset-40 is-style-rounded--39\"><img loading=\"lazy\" decoding=\"async\" width=\"200\" height=\"133\" src=\"https:\/\/wip.waw.pl\/wp-content\/uploads\/2025\/07\/Kierkus-zdjecie-edited.jpeg\" alt=\"\" class=\"wp-image-145\" style=\"aspect-ratio:1;object-fit:cover;width:600px\"\/><\/figure>\n\n\n\n<p class=\"has-text-align-center\"><strong><strong><strong><strong>lek. med. Agnieszka Kempisty<\/strong><\/strong><\/strong><\/strong><br><em>neurolog, pediatra<\/em><\/p>\n<\/div>\n\n\n\n<div class=\"wp-block-column is-layout-flow wp-block-column-is-layout-flow\">\n<figure class=\"wp-block-image size-full is-resized is-style-rounded wp-duotone-30455b-f9f8f5-42 is-style-rounded--41\"><img loading=\"lazy\" decoding=\"async\" width=\"600\" height=\"800\" src=\"https:\/\/wip.waw.pl\/wp-content\/uploads\/2025\/07\/ek.-med.-Agata-Denisiuk.jpg\" alt=\"\" class=\"wp-image-169\" style=\"aspect-ratio:1;object-fit:cover;width:600px\" srcset=\"https:\/\/wip.waw.pl\/wp-content\/uploads\/2025\/07\/ek.-med.-Agata-Denisiuk.jpg 600w, https:\/\/wip.waw.pl\/wp-content\/uploads\/2025\/07\/ek.-med.-Agata-Denisiuk-225x300.jpg 225w\" sizes=\"auto, (max-width: 600px) 100vw, 600px\" \/><\/figure>\n\n\n\n<p class=\"has-text-align-center\"><strong><strong><strong><strong>lek. med. Agata Denisiuk<\/strong><\/strong><\/strong><\/strong><br><em>neurolog<\/em><\/p>\n<\/div>\n\n\n\n<div class=\"wp-block-column is-layout-flow wp-block-column-is-layout-flow\">\n<p class=\"has-text-align-center\"><\/p>\n<\/div>\n\n\n\n<div class=\"wp-block-column is-layout-flow wp-block-column-is-layout-flow\">\n<div class=\"wp-block-group is-vertical is-content-justification-center is-nowrap is-layout-flex wp-container-core-group-is-layout-21d4e958 wp-block-group-is-layout-flex\">\n<p class=\"has-text-align-center\"><\/p>\n<\/div>\n<\/div>\n<\/div>\n\n\n\n<div style=\"height:49px\" aria-hidden=\"true\" class=\"wp-block-spacer\"><\/div>\n\n\n\n<h4 class=\"wp-block-heading alignwide\" id=\"doroslilaryngologia\">Laryngologia<\/h4>\n\n\n\n<div class=\"wp-block-columns alignwide has-small-font-size is-layout-flex wp-container-core-columns-is-layout-4055a7df wp-block-columns-is-layout-flex\" style=\"padding-top:var(--wp--preset--spacing--20);padding-right:0;padding-bottom:var(--wp--preset--spacing--20);padding-left:0\">\n<div class=\"wp-block-column is-layout-flow wp-block-column-is-layout-flow\">\n<figure class=\"wp-block-image size-full is-resized is-style-rounded wp-duotone-30455b-f9f8f5-44 is-style-rounded--43\"><img loading=\"lazy\" decoding=\"async\" width=\"600\" height=\"603\" src=\"https:\/\/wip.waw.pl\/wp-content\/uploads\/2025\/07\/dr-n.-med.-Tomasz-Grochowski.jpg\" alt=\"\" class=\"wp-image-168\" style=\"aspect-ratio:1;object-fit:cover;width:600px\" srcset=\"https:\/\/wip.waw.pl\/wp-content\/uploads\/2025\/07\/dr-n.-med.-Tomasz-Grochowski.jpg 600w, https:\/\/wip.waw.pl\/wp-content\/uploads\/2025\/07\/dr-n.-med.-Tomasz-Grochowski-150x150.jpg 150w\" sizes=\"auto, (max-width: 600px) 100vw, 600px\" \/><\/figure>\n\n\n\n<p class=\"has-text-align-center\"><strong><strong><strong><strong>dr n. med. Tomasz Grochowski<\/strong><\/strong><\/strong><\/strong><br><em>laryngolog<\/em><\/p>\n<\/div>\n\n\n\n<div class=\"wp-block-column is-layout-flow wp-block-column-is-layout-flow\">\n<p class=\"has-text-align-center\"><\/p>\n<\/div>\n\n\n\n<div class=\"wp-block-column is-layout-flow wp-block-column-is-layout-flow\">\n<p class=\"has-text-align-center\"><\/p>\n<\/div>\n\n\n\n<div class=\"wp-block-column is-layout-flow wp-block-column-is-layout-flow\">\n<div class=\"wp-block-group is-vertical is-content-justification-center is-nowrap is-layout-flex wp-container-core-group-is-layout-21d4e958 wp-block-group-is-layout-flex\">\n<p class=\"has-text-align-center\"><\/p>\n<\/div>\n<\/div>\n<\/div>\n\n\n\n<div style=\"height:50px\" aria-hidden=\"true\" class=\"wp-block-spacer\"><\/div>\n\n\n\n<h4 class=\"wp-block-heading alignwide\" id=\"doroslireumatologia\">Reumatologia<\/h4>\n\n\n\n<div class=\"wp-block-columns alignwide has-small-font-size is-layout-flex wp-container-core-columns-is-layout-4055a7df wp-block-columns-is-layout-flex\" style=\"padding-top:var(--wp--preset--spacing--20);padding-right:0;padding-bottom:var(--wp--preset--spacing--20);padding-left:0\">\n<div class=\"wp-block-column is-layout-flow wp-block-column-is-layout-flow\">\n<figure class=\"wp-block-image size-full is-resized is-style-rounded wp-duotone-30455b-f9f8f5-46 is-style-rounded--45\"><img loading=\"lazy\" decoding=\"async\" width=\"600\" height=\"540\" src=\"https:\/\/wip.waw.pl\/wp-content\/uploads\/2025\/07\/lek.-med.-Aleksandra-Adamczuk.jpg\" alt=\"\" class=\"wp-image-170\" style=\"aspect-ratio:1;object-fit:cover;width:600px\" srcset=\"https:\/\/wip.waw.pl\/wp-content\/uploads\/2025\/07\/lek.-med.-Aleksandra-Adamczuk.jpg 600w, https:\/\/wip.waw.pl\/wp-content\/uploads\/2025\/07\/lek.-med.-Aleksandra-Adamczuk-300x270.jpg 300w\" sizes=\"auto, (max-width: 600px) 100vw, 600px\" \/><\/figure>\n\n\n\n<p class=\"has-text-align-center\"><strong><strong>lek.&nbsp;med. Aleksandra Adamczuk<\/strong><\/strong><br><em>reumatolog, reumatolog dzieci\u0119cy, pediatra<\/em><br><\/p>\n<\/div>\n\n\n\n<div class=\"wp-block-column is-layout-flow wp-block-column-is-layout-flow\">\n<p class=\"has-text-align-center\"><\/p>\n<\/div>\n\n\n\n<div class=\"wp-block-column is-layout-flow wp-block-column-is-layout-flow\">\n<p class=\"has-text-align-center\"><\/p>\n<\/div>\n\n\n\n<div class=\"wp-block-column is-layout-flow wp-block-column-is-layout-flow\">\n<div class=\"wp-block-group is-vertical is-content-justification-center is-nowrap is-layout-flex wp-container-core-group-is-layout-21d4e958 wp-block-group-is-layout-flex\">\n<p class=\"has-text-align-center\"><\/p>\n<\/div>\n<\/div>\n<\/div>\n\n\n\n<div style=\"height:49px\" aria-hidden=\"true\" class=\"wp-block-spacer\"><\/div>\n\n\n\n<div class=\"wp-block-group alignwide has-global-padding is-layout-constrained wp-block-group-is-layout-constrained\">\n<h4 class=\"wp-block-heading alignwide\" id=\"dzieciimmunologia\">Alergologia<\/h4>\n\n\n\n<div class=\"wp-block-columns alignfull has-small-font-size is-layout-flex wp-container-core-columns-is-layout-4055a7df wp-block-columns-is-layout-flex\" style=\"padding-top:var(--wp--preset--spacing--20);padding-right:0;padding-bottom:var(--wp--preset--spacing--20);padding-left:0\">\n<div class=\"wp-block-column is-layout-flow wp-block-column-is-layout-flow\">\n<figure class=\"wp-block-image size-full is-resized is-style-rounded wp-duotone-30455b-f9f8f5-48 is-style-rounded--47\"><img loading=\"lazy\" decoding=\"async\" width=\"530\" height=\"530\" src=\"https:\/\/wip.waw.pl\/wp-content\/uploads\/2025\/10\/0fa3519e4b4f108d28bd411241ff366a-2.jpg\" alt=\"\" class=\"wp-image-599\" style=\"aspect-ratio:1;object-fit:cover;width:600px\" srcset=\"https:\/\/wip.waw.pl\/wp-content\/uploads\/2025\/10\/0fa3519e4b4f108d28bd411241ff366a-2.jpg 530w, https:\/\/wip.waw.pl\/wp-content\/uploads\/2025\/10\/0fa3519e4b4f108d28bd411241ff366a-2-300x300.jpg 300w, https:\/\/wip.waw.pl\/wp-content\/uploads\/2025\/10\/0fa3519e4b4f108d28bd411241ff366a-2-150x150.jpg 150w\" sizes=\"auto, (max-width: 530px) 100vw, 530px\" \/><\/figure>\n\n\n\n<p class=\"has-text-align-center\"><a href=\"https:\/\/wip.waw.pl\/index.php\/2025\/10\/05\/lek-med-malgorzata-skomska-pawliszak\/\" data-type=\"post\" data-id=\"539\"><strong>lek. med. Anna Wielowiejska<\/strong><br><em>alergolog<\/em><\/a><\/p>\n<\/div>\n\n\n\n<div class=\"wp-block-column is-layout-flow wp-block-column-is-layout-flow\"><\/div>\n\n\n\n<div class=\"wp-block-column is-layout-flow wp-block-column-is-layout-flow\"><\/div>\n\n\n\n<div class=\"wp-block-column is-layout-flow wp-block-column-is-layout-flow\"><\/div>\n<\/div>\n<\/div>\n\n\n\n<div style=\"height:49px\" aria-hidden=\"true\" class=\"wp-block-spacer\"><\/div>\n\n\n\n<h4 class=\"wp-block-heading alignwide\" id=\"dorosliinterna\">Interna<\/h4>\n\n\n\n<div class=\"wp-block-columns alignwide has-small-font-size is-layout-flex wp-container-core-columns-is-layout-4055a7df wp-block-columns-is-layout-flex\" style=\"padding-top:var(--wp--preset--spacing--20);padding-right:0;padding-bottom:var(--wp--preset--spacing--20);padding-left:0\">\n<div class=\"wp-block-column is-layout-flow wp-block-column-is-layout-flow\">\n<figure class=\"wp-block-image size-full is-resized is-style-rounded wp-duotone-30455b-f9f8f5-50 is-style-rounded--49\"><img loading=\"lazy\" decoding=\"async\" width=\"530\" height=\"530\" src=\"https:\/\/wip.waw.pl\/wp-content\/uploads\/2025\/07\/kubaszek-kornatowska.jpeg\" alt=\"\" class=\"wp-image-173\" style=\"aspect-ratio:1;object-fit:cover;width:600px\" srcset=\"https:\/\/wip.waw.pl\/wp-content\/uploads\/2025\/07\/kubaszek-kornatowska.jpeg 530w, https:\/\/wip.waw.pl\/wp-content\/uploads\/2025\/07\/kubaszek-kornatowska-300x300.jpeg 300w, https:\/\/wip.waw.pl\/wp-content\/uploads\/2025\/07\/kubaszek-kornatowska-150x150.jpeg 150w\" sizes=\"auto, (max-width: 530px) 100vw, 530px\" \/><\/figure>\n\n\n\n<p class=\"has-text-align-center\"><strong><strong><strong><strong>dr n. med.<\/strong> Agata Kubaszek-Kornatowska<\/strong><\/strong><\/strong><br><em>kardiolog, internista<\/em><\/p>\n<\/div>\n\n\n\n<div class=\"wp-block-column is-layout-flow wp-block-column-is-layout-flow\">\n<figure class=\"wp-block-image size-full is-resized is-style-rounded wp-duotone-30455b-f9f8f5-52 is-style-rounded--51\"><img loading=\"lazy\" decoding=\"async\" width=\"600\" height=\"599\" src=\"https:\/\/wip.waw.pl\/wp-content\/uploads\/2025\/07\/marcelina-korzeniowska.jpeg\" alt=\"\" class=\"wp-image-171\" style=\"aspect-ratio:1;object-fit:cover;width:600px\" srcset=\"https:\/\/wip.waw.pl\/wp-content\/uploads\/2025\/07\/marcelina-korzeniowska.jpeg 600w, https:\/\/wip.waw.pl\/wp-content\/uploads\/2025\/07\/marcelina-korzeniowska-300x300.jpeg 300w, https:\/\/wip.waw.pl\/wp-content\/uploads\/2025\/07\/marcelina-korzeniowska-150x150.jpeg 150w\" sizes=\"auto, (max-width: 600px) 100vw, 600px\" \/><\/figure>\n\n\n\n<p class=\"has-text-align-center\"><strong><strong><strong><strong>lek. med. Marcelina Korzeniowska<\/strong><\/strong><\/strong><\/strong><br><em>internista, immunolog<\/em><\/p>\n<\/div>\n\n\n\n<div class=\"wp-block-column is-layout-flow wp-block-column-is-layout-flow\">\n<p class=\"has-text-align-center\"><\/p>\n<\/div>\n\n\n\n<div class=\"wp-block-column is-layout-flow wp-block-column-is-layout-flow\">\n<div class=\"wp-block-group is-vertical is-content-justification-center is-nowrap is-layout-flex wp-container-core-group-is-layout-21d4e958 wp-block-group-is-layout-flex\">\n<p class=\"has-text-align-center\"><\/p>\n<\/div>\n<\/div>\n<\/div>\n<\/div>\n\n\n\n<div style=\"height:50px\" aria-hidden=\"true\" class=\"wp-block-spacer\"><\/div>\n","protected":false},"excerpt":{"rendered":"<p>Nasi specjali\u015bci Nasz zesp\u00f3\u0142 tworz\u0105 do\u015bwiadczeni lekarze r\u00f3\u017cnych specjalizacji, kt\u00f3rzy zapewniaj\u0105 profesjonaln\u0105 opiek\u0119 medyczn\u0105 dzieciom i doros\u0142ym. Ka\u017cdy z nich \u0142\u0105czy wiedz\u0119, empati\u0119 i indywidualne podej\u015bcie do pacjenta. Dzieci Doro\u015bli Zach\u0119cami do zapoznania si\u0119 z profilami naszych lekarzy poni\u017cej. Dzieci Gastroenterologia prof. dr hab. n. med. Jaros\u0142aw Kierku\u015bgastroenterolog, pediatra, gastroenterolog dzieci\u0119cy prof. dr hab. n. [&hellip;]<\/p>\n","protected":false},"author":1,"featured_media":0,"parent":0,"menu_order":0,"comment_status":"closed","ping_status":"closed","template":"page-no-title","meta":{"footnotes":""},"class_list":["post-18","page","type-page","status-publish","hentry"],"_links":{"self":[{"href":"https:\/\/wip.waw.pl\/index.php\/wp-json\/wp\/v2\/pages\/18","targetHints":{"allow":["GET"]}}],"collection":[{"href":"https:\/\/wip.waw.pl\/index.php\/wp-json\/wp\/v2\/pages"}],"about":[{"href":"https:\/\/wip.waw.pl\/index.php\/wp-json\/wp\/v2\/types\/page"}],"author":[{"embeddable":true,"href":"https:\/\/wip.waw.pl\/index.php\/wp-json\/wp\/v2\/users\/1"}],"replies":[{"embeddable":true,"href":"https:\/\/wip.waw.pl\/index.php\/wp-json\/wp\/v2\/comments?post=18"}],"version-history":[{"count":80,"href":"https:\/\/wip.waw.pl\/index.php\/wp-json\/wp\/v2\/pages\/18\/revisions"}],"predecessor-version":[{"id":657,"href":"https:\/\/wip.waw.pl\/index.php\/wp-json\/wp\/v2\/pages\/18\/revisions\/657"}],"wp:attachment":[{"href":"https:\/\/wip.waw.pl\/index.php\/wp-json\/wp\/v2\/media?parent=18"}],"curies":[{"name":"wp","href":"https:\/\/api.w.org\/{rel}","templated":true}]}}